{"id":328,"date":"2018-10-11T16:09:52","date_gmt":"2018-10-11T16:09:52","guid":{"rendered":"http:\/\/localhost\/wordpress\/?page_id=328"},"modified":"2019-09-30T18:28:03","modified_gmt":"2019-09-30T18:28:03","slug":"pravni-forma-clenove-predstavenstva-zodpovedne-osoby","status":"publish","type":"page","link":"http:\/\/pintjo.org\/index.php\/cs\/pravni-forma-clenove-predstavenstva-zodpovedne-osoby\/","title":{"rendered":"Pr\u00e1vn\u00ed forma, \u010dlenov\u00e9 p\u0159edstavenstva, zodpov\u011bdn\u00e9 osoby"},"content":{"rendered":"<span>Orchestr je zaps\u00e1n jako spolek podle \u010desk\u00e9ho pr\u00e1va.<\/span>\n<h1><b>P\u0159edstavenstvo<\/b><\/h1>\n<div class=\"pintjo-longtext\">\n  Spolek m\u00e1 p\u0159edstavenstvo, kter\u00e9 se skl\u00e1d\u00e1 z prvn\u00edho p\u0159edsedy, m\u00edstop\u0159edsedy a pokladn\u00edka. Ka\u017ed\u00fd rok se bude konat v\u00fdro\u010dn\u00ed zased\u00e1n\u00ed v\u0161ech \u010dlen\u016f nadace, na kter\u00e9m bude p\u0159e\u010dtena zpr\u00e1va p\u0159edstavenstvo a voleno nov\u00e9 p\u0159edstavenstvo. Setk\u00e1n\u00ed \u010dlen\u016f p\u0159edstavenstva se bude konat podle pot\u0159eby. Zakl\u00e1daj\u00edc\u00ed sch\u016fzce se konala 25. z\u00e1\u0159\u00ed 2018.<\/div>\n<h1><b>Zavazuj\u00edc\u00ed \u010dlenstv\u00ed<\/b><\/h1>\n<div class=\"pintjo-longtext\">\n  \u010clenov\u00e9 orchestru musej\u00ed b\u00fdt \u010dleny spolku. P\u0159\u00edslu\u0161n\u00edci jedn\u00e9 rodiny mohou uzav\u0159\u00edt rodinn\u00e9 \u010dlenstv\u00ed, kter\u00e9 znamen\u00e1 stejn\u00e1 jak jednotliv\u00e9 \u010dlenstv\u00ed. V\u00fd\u0161i p\u0159\u00edsp\u011bvk\u016f ur\u010d\u00ed v\u00fdro\u010dn\u00ed zased\u00e1n\u00ed a m\u016f\u017ee se ka\u017ed\u00fd rok li\u0161it. Krom\u011b t\u011bchto p\u0159\u00edsp\u011bvk\u016f by hudebn\u00edk\u016fm nem\u011bly vznikat \u017e\u00e1dn\u00e9 dal\u0161\u00ed v\u00fddaje. O\u010dek\u00e1v\u00e1 se v\u0161ak od nich, \u017ee budou v orchestru pou\u017e\u00edvat sv\u00e9 vlastn\u00ed n\u00e1stroje a tak\u00e9 se o n\u011b sami starat. D\u00e1le mohou b\u00fdt od rodi\u010d\u016f vyb\u00edr\u00e1ny ur\u010dit\u00e9 finan\u010dn\u00ed p\u0159\u00edsp\u011bvky pro n\u00e1klady na cesty a ubytov\u00e1n\u00ed orchestr mimo Prahy.<\/div>\n<h1><b>\u010cestn\u00e9 \u010dlenstv\u00ed<\/b><\/h1>\n<div class=\"pintjo-longtext\">\n  Zn\u00e1m\u00ed hudebn\u00edci jako\u017e i dal\u0161\u00ed v\u00fdjime\u010dn\u00e9 osobnost\u00ed ve\u0159ejn\u00e9ho \u017eivota se mohou st\u00e1t \u010destn\u00fdmi \u010dleny. To \u017e\u00e1dn\u00e9 \u010dlensk\u00e9 p\u0159\u00edsp\u011bvky neplat\u00ed. Jm\u00e9no t\u011bchto osobnost\u00ed m\u016f\u017ee b\u00fdt pou\u017eito k pos\u00edlen\u00ed v\u011bhlasu orchestru. Rady t\u011bchto \u010destn\u00fdch \u010dlen\u016f budou m\u00edt obzvl\u00e1\u0161t\u011b na po\u010d\u00e1tku neocenitelnou hodnotu.<\/div>\n<h1><b>V\u00fdhody \u010dlenstv\u00ed ve spolku<\/b><\/h1>\n<div class=\"pintjo-longtext\">\n  V\u0161ichni \u010dlenov\u00e9 spolku budou pravideln\u011b dost\u00e1vat zpr\u00e1vy o aktivit\u00e1ch orchestru a budou m\u00edt tak\u00e9 p\u0159ednostn\u00ed p\u0159\u00edstup ke vstupenk\u00e1m na koncerty a ve\u0159ejn\u00e1 vystoupen\u00ed. N\u011bkter\u00e1 p\u0159edstaven\u00ed, jako nap\u0159. ka\u017edoro\u010dn\u00ed v\u00e1no\u010dn\u00ed koncert, jsou vyhrazeny pouze \u010dlen\u016fm.<\/div>\n<h1><b>Zodpov\u011bdn\u00e9 osoby<\/b><\/h1>\n<div class=\"pintjo-longtext\">\n  Jakmile orchestr sv\u00e9 aktivity roz\u0161\u00ed\u0159\u00ed, m\u016f\u017ee doj\u00edt k tomu, \u017ee bude zapot\u0159eb\u00ed ustanovit sekret\u00e1\u0159e, resp. sekret\u00e1\u0159ku. V sou\u010dasn\u00e9 existuj\u00ed pouze dv\u011b zodpov\u011bdn\u00e9 osoby: jednatel a hudebn\u00ed \u0159editel. Tyto funkcion\u00e1\u0159e, kte\u0159\u00ed se zodpov\u00eddaj\u00ed p\u0159edstavenstvu, jmenuje v\u00fdro\u010dn\u00ed shrom\u00e1\u017ed\u011bn\u00ed. Zodpov\u011bdn\u00ed funkcion\u00e1\u0159i obdr\u017e\u00ed zpravidla smlouvu na obdob\u00ed t\u0159i a\u017e p\u011bt let.<\/div>\n<h3><b>Jednatel<\/b><\/h3>\n<img loading=\"lazy\" class=\"wp-image-421 size-full alignnone\" src=\"http:\/\/localhost\/wordpress\/wp-content\/uploads\/2018\/10\/Kistler_Small.jpg\" alt=\"\" width=\"1378\" height=\"919\" srcset=\"http:\/\/pintjo.org\/wp-content\/uploads\/2018\/10\/Kistler_Small.jpg 1378w, http:\/\/pintjo.org\/wp-content\/uploads\/2018\/10\/Kistler_Small-300x200.jpg 300w, http:\/\/pintjo.org\/wp-content\/uploads\/2018\/10\/Kistler_Small-768x512.jpg 768w, http:\/\/pintjo.org\/wp-content\/uploads\/2018\/10\/Kistler_Small-1024x683.jpg 1024w\" sizes=\"(max-width: 767px) 89vw, (max-width: 1000px) 54vw, (max-width: 1071px) 543px, 580px\" \/>\n<div class=\"pintjo-longtext\">\n  <b>Hans Kistler<\/b>, narozen 1975, vyr\u016fstal v Horn\u00ed Falci \/ Bavorsko. Studoval v \u0158ezn\u011b a Edinburghu a od roku 2002 vyu\u010doval jako \u0161koln\u00ed \u00fa\u0159edn\u00edk v Bavorsku, naposledy 10 let na Ortenburgov\u011b gymn\u00e1ziu v Oberviechtachu. Od roku 2016 je zam\u011bstn\u00e1n na gymn\u00e1ziu Gymn\u00e1zium N\u011bmeck\u00e9 \u0161koly v Praze (N\u0160P). Studoval klarinet u Petra G\u00e4rtnera (Filharmonick\u00fd orchestr \u0158ezno) a Josefa Pacewicze (Royal Scottish National Orchestra, Glasgow). K jeho komorn\u00edm hudebn\u00edm parter\u016fm pat\u0159\u00ed krom\u011b jin\u00fdch Gerold Huber (Mnichov), Renaud Arbion (Tours) nebo Ashley Fripp (Lond\u00fdn). V Berl\u00edn\u011b hr\u00e1l jako s\u00f3lista v roce 2008 v <i>Konzerthaus am Gendarmenmarkt<\/i> s komorn\u00edm orchestrem \u0158ezensk\u00e9 univerzity (KUR). V roce 2012 s t\u00edmto orchestrem nahr\u00e1l na labelu <i>Spektral<\/i> hudbu Jan\u00e1\u010dka a Gershwina pro klarinet a smy\u010dcov\u00fd orchestr.  V roce 2015 s p\u0159\u00e1teli zalo\u017eil ans\u00e1mbl \u201eKammerVielharmonie\u201c, kter\u00fd p\u0159edstavuje flexibiln\u00ed obsazen\u00ed pro uv\u00e1d\u011bn\u00ed komorn\u00ed hudby a\u017e orchestr\u00e1ln\u00edch d\u011bl.<\/div>\n<h3><b>Hudebn\u00ed \u0159editel<\/b><\/h3>\n<img loading=\"lazy\" class=\"wp-image-420 alignright\" src=\"http:\/\/localhost\/wordpress\/wp-content\/uploads\/2018\/10\/P8175631_kl_Small-e1539876266823.jpg\" alt=\"\" width=\"360\" height=\"366\" srcset=\"http:\/\/pintjo.org\/wp-content\/uploads\/2018\/10\/P8175631_kl_Small-e1539876266823.jpg 916w, http:\/\/pintjo.org\/wp-content\/uploads\/2018\/10\/P8175631_kl_Small-e1539876266823-295x300.jpg 295w, http:\/\/pintjo.org\/wp-content\/uploads\/2018\/10\/P8175631_kl_Small-e1539876266823-768x780.jpg 768w\" sizes=\"(max-width: 360px) 100vw, 360px\" \/>\n<div class=\"pintjo-longtext\">\n  <b>Graham Buckland<\/b> se narodil ve Weymouthu, Anglie, dne 27. ledna 1951. Studoval v Cambridgi, Lond\u00fdn\u011b, Brn\u011b a v Praze, pot\u00e9 byl 20 let opern\u00edm dirigentem v Praze, \u00dast\u00ed nad Labem, Norimberku, Hannovere a v Oldenburgu. Byl vrchn\u00edm hudebn\u00edm \u0159editelem v Hildesheimu a v Brn\u011b, a \u010dast\u00fd hostuj\u00edc\u00ed dirigent u orchestr\u016f v Evrop\u011b a v Americe. V roce 1995 se stal vedouc\u00edm univerzitn\u00edho orchestru v \u0158ezn\u011b a zalo\u017eil \u00factyhodn\u00fd po\u010det orchestr\u016f a komorn\u00edch ans\u00e1mbl\u016f. &nbsp;Jeho pr\u00e1ce si brzy z\u00edskala mezin\u00e1rodn\u00ed uzn\u00e1n\u00ed, obzvl\u00e1\u0161t\u011b jeho CD nahr\u00e1vky pro label <i>Spektral<\/i>. Po sv\u00e9m odchodu do emeritn\u00edho d\u016fchodu v roce 2016 je Buckland st\u00e1le \u010dinn\u00fd jako dirigent a skladatel. Jeho nahr\u00e1vky v nakladatelstv\u00ed <i>B\u00e4renreiter<\/i> se sb\u00edrkami v\u00e1no\u010dn\u00ed hudby, c\u00edrkevn\u00edch hymn\u016f a spiritu\u00e1l\u016f jsou zn\u00e1m\u00e9 na cel\u00e9m sv\u011bt\u011b. P\u0159i p\u0159\u00edle\u017eitosti jeho odchodu do d\u016fchodu bylo v roce 2016 univerzitn\u00edm sborem a univerzitn\u00edm orchestrem v \u0158ezn\u011b uvedeno kompletn\u00ed oratorium David. &nbsp;Zcela ned\u00e1vno byly v Tegerheimu uvedeny dva d\u011btsk\u00e9 muzik\u00e1ly <i>No Stress<\/i> a <i>Bileam\u2019s Donkey<\/i>. V Darmstadtu m\u011blo premi\u00e9ru d\u00edlo <i>Ten Psalms<\/i> a v \u0158ezn\u011b na Velk\u00fd p\u00e1tek 2018 <i>Two Chapter<\/i>, Markovy pa\u0161ije pro s\u00f3lov\u00fd hlas a dvan\u00e1ct hudebn\u00edk\u016f.<\/div>","protected":false},"excerpt":{"rendered":"Orchestr je zaps\u00e1n jako spolek podle \u010desk\u00e9ho pr\u00e1va. P\u0159edstavenstvo Spolek m\u00e1 p\u0159edstavenstvo, kter\u00e9 se skl\u00e1d\u00e1 z prvn\u00edho p\u0159edsedy, m\u00edstop\u0159edsedy a pokladn\u00edka. Ka\u017ed\u00fd rok se bude konat v\u00fdro\u010dn\u00ed zased\u00e1n\u00ed v\u0161ech \u010dlen\u016f nadace, na kter\u00e9m bude p\u0159e\u010dtena zpr\u00e1va p\u0159edstavenstvo a voleno nov\u00e9 p\u0159edstavenstvo. Setk\u00e1n\u00ed \u010dlen\u016f p\u0159edstavenstva se bude konat podle pot\u0159eby. Zakl\u00e1daj\u00edc\u00ed sch\u016fzce se konala 25. z\u00e1\u0159\u00ed &hellip; <p class=\"link-more\"><a href=\"http:\/\/pintjo.org\/index.php\/cs\/pravni-forma-clenove-predstavenstva-zodpovedne-osoby\/\" class=\"more-link\">Continue reading<span class=\"screen-reader-text\"> &#8220;Pr\u00e1vn\u00ed forma, \u010dlenov\u00e9 p\u0159edstavenstva, zodpov\u011bdn\u00e9 osoby&#8221;<\/span><\/a><\/p>","protected":false},"author":2,"featured_media":0,"parent":0,"menu_order":0,"comment_status":"closed","ping_status":"closed","template":"","meta":[],"_links":{"self":[{"href":"http:\/\/pintjo.org\/index.php\/wp-json\/wp\/v2\/pages\/328"}],"collection":[{"href":"http:\/\/pintjo.org\/index.php\/wp-json\/wp\/v2\/pages"}],"about":[{"href":"http:\/\/pintjo.org\/index.php\/wp-json\/wp\/v2\/types\/page"}],"author":[{"embeddable":true,"href":"http:\/\/pintjo.org\/index.php\/wp-json\/wp\/v2\/users\/2"}],"replies":[{"embeddable":true,"href":"http:\/\/pintjo.org\/index.php\/wp-json\/wp\/v2\/comments?post=328"}],"version-history":[{"count":14,"href":"http:\/\/pintjo.org\/index.php\/wp-json\/wp\/v2\/pages\/328\/revisions"}],"predecessor-version":[{"id":648,"href":"http:\/\/pintjo.org\/index.php\/wp-json\/wp\/v2\/pages\/328\/revisions\/648"}],"wp:attachment":[{"href":"http:\/\/pintjo.org\/index.php\/wp-json\/wp\/v2\/media?parent=328"}],"curies":[{"name":"wp","href":"https:\/\/api.w.org\/{rel}","templated":true}]}}